{"id":6275,"date":"2022-04-07T09:51:20","date_gmt":"2022-04-07T09:51:20","guid":{"rendered":"https:\/\/essencial-portugal.com\/es\/?page_id=6275"},"modified":"2023-03-04T09:36:36","modified_gmt":"2023-03-04T09:36:36","slug":"traslado-aeropuerto-oporto","status":"publish","type":"page","link":"https:\/\/essencial-portugal.com\/es\/traslado-aeropuerto-oporto\/","title":{"rendered":"Traslado al aeropuerto de Oporto"},"content":{"rendered":"\t\t<div data-elementor-type=\"wp-page\" data-elementor-id=\"6275\" class=\"elementor elementor-6275\">\n\t\t\t\t\t\t<section class=\"elementor-section elementor-top-section elementor-element elementor-element-69832e3b elementor-section-height-min-height elementor-section-boxed elementor-section-height-default elementor-section-items-middle\" data-id=\"69832e3b\" data-element_type=\"section\" data-e-type=\"section\" data-settings=\"{&quot;background_background&quot;:&quot;gradient&quot;}\">\n\t\t\t\t\t\t\t<div class=\"elementor-background-overlay\"><\/div>\n\t\t\t\t\t\t\t<div class=\"elementor-container elementor-column-gap-default\">\n\t\t\t\t\t<div class=\"elementor-column elementor-col-100 elementor-top-column elementor-element elementor-element-772a0020\" data-id=\"772a0020\" data-element_type=\"column\" data-e-type=\"column\">\n\t\t\t<div class=\"elementor-widget-wrap elementor-element-populated\">\n\t\t\t\t\t\t<div class=\"elementor-element elementor-element-6d51ce6a elementor-widget elementor-widget-theme-post-title elementor-page-title elementor-widget-heading\" data-id=\"6d51ce6a\" data-element_type=\"widget\" data-e-type=\"widget\" data-widget_type=\"theme-post-title.default\">\n\t\t\t\t<div class=\"elementor-widget-container\">\n\t\t\t\t\t<h1 class=\"elementor-heading-title elementor-size-default\">Traslado al aeropuerto de Oporto<\/h1>\t\t\t\t<\/div>\n\t\t\t\t<\/div>\n\t\t\t\t<div class=\"elementor-element elementor-element-661d84a8 elementor-align-center elementor-widget elementor-widget-post-info\" data-id=\"661d84a8\" data-element_type=\"widget\" data-e-type=\"widget\" data-widget_type=\"post-info.default\">\n\t\t\t\t<div class=\"elementor-widget-container\">\n\t\t\t\t\t\t\t<ul class=\"elementor-inline-items elementor-icon-list-items elementor-post-info\">\n\t\t\t\t\t\t\t\t<li class=\"elementor-icon-list-item elementor-repeater-item-9b232b3 elementor-inline-item\" itemprop=\"author\">\n\t\t\t\t\t\t\t\t\t\t\t\t\t<span class=\"elementor-icon-list-text elementor-post-info__item elementor-post-info__item--type-author\">\n\t\t\t\t\t\t\t\t\t\tVictor | Essencial Portugal\t\t\t\t\t<\/span>\n\t\t\t\t\t\t\t\t<\/li>\n\t\t\t\t<\/ul>\n\t\t\t\t\t\t<\/div>\n\t\t\t\t<\/div>\n\t\t\t\t\t<\/div>\n\t\t<\/div>\n\t\t\t\t\t<\/div>\n\t\t<\/section>\n\t\t\t\t<section class=\"elementor-section elementor-top-section elementor-element elementor-element-4db081fc elementor-section-full_width elementor-reverse-tablet elementor-section-height-default elementor-section-height-default\" data-id=\"4db081fc\" data-element_type=\"section\" data-e-type=\"section\">\n\t\t\t\t\t\t<div class=\"elementor-container elementor-column-gap-default\">\n\t\t\t\t\t<div class=\"elementor-column elementor-col-66 elementor-top-column elementor-element elementor-element-3d3b9afa\" data-id=\"3d3b9afa\" data-element_type=\"column\" data-e-type=\"column\">\n\t\t\t<div class=\"elementor-widget-wrap elementor-element-populated\">\n\t\t\t\t\t\t<div class=\"elementor-element elementor-element-352d3d2 elementor-widget elementor-widget-text-editor\" data-id=\"352d3d2\" data-element_type=\"widget\" data-e-type=\"widget\" data-widget_type=\"text-editor.default\">\n\t\t\t\t<div class=\"elementor-widget-container\">\n\t\t\t\t\t\t\t\t\tA continuaci\u00f3n encontrar\u00e1 una serie de enlaces para reservar un coche en el aeropuerto de Oporto en unos pocos clics y as\u00ed asegurarse de que est\u00e1 totalmente atendido cuando llegue al norte de Portugal. He seleccionado s\u00f3lo los traslados mejor valorados para asegurarme de que todo vaya sobre ruedas.\n\nEstos servicios de traslado pueden llevarle a su hotel si se aloja en Oporto, pero tambi\u00e9n a las diferentes ciudades de los alrededores de Oporto.\n\nTenga en cuenta que muchos de los servicios pueden cancelarse gratuitamente, por lo que puede reservar con confianza y sin preocupaciones en caso de imprevistos.\n\n<script async defer src=\"https:\/\/widget.getyourguide.com\/v2\/widget.js\"><\/script>\n<div data-gyg-href=\"https:\/\/widget.getyourguide.com\/default\/activites.frame\" data-gyg-locale-code=\"es-ES\" data-gyg-widget=\"activities\" data-gyg-number-of-items=\"4\" data-gyg-cmp=\"transfert nord\" data-gyg-currency=\"EUR\" data-gyg-partner-id=\"8JHIOAN\" data-gyg-placement=\"other\" data-gyg-tour-ids=\"121956, 71772, 88811, 71795\"><\/div>\t\t\t\t\t\t\t\t<\/div>\n\t\t\t\t<\/div>\n\t\t\t\t\t<\/div>\n\t\t<\/div>\n\t\t\t\t<div class=\"elementor-column elementor-col-33 elementor-top-column elementor-element elementor-element-1707aed4\" data-id=\"1707aed4\" data-element_type=\"column\" data-e-type=\"column\">\n\t\t\t<div class=\"elementor-widget-wrap elementor-element-populated\">\n\t\t\t\t\t\t<div class=\"elementor-element elementor-element-69900b elementor-widget elementor-widget-heading\" data-id=\"69900b\" data-element_type=\"widget\" data-e-type=\"widget\" data-widget_type=\"heading.default\">\n\t\t\t\t<div class=\"elementor-widget-container\">\n\t\t\t\t\t<h3 class=\"elementor-heading-title elementor-size-default\">Essencial Portugal<\/h3>\t\t\t\t<\/div>\n\t\t\t\t<\/div>\n\t\t\t\t<div class=\"elementor-element elementor-element-660cc05c elementor-widget elementor-widget-text-editor\" data-id=\"660cc05c\" data-element_type=\"widget\" data-e-type=\"widget\" data-settings=\"{&quot;_animation&quot;:&quot;none&quot;}\" data-widget_type=\"text-editor.default\">\n\t\t\t\t<div class=\"elementor-widget-container\">\n\t\t\t\t\t\t\t\t\t<p style=\"text-align: center;\">Prepare sus vacaciones en el norte de Portugal en unos pocos clics: lugares imprescindibles, visitas guiadas, traslados, hoteles, villas, compra de entradas e informaci\u00f3n. Un concentrado de todo lo que necesita saber para visitar Oporto y el norte.<\/p>\t\t\t\t\t\t\t\t<\/div>\n\t\t\t\t<\/div>\n\t\t\t\t<div class=\"elementor-element elementor-element-549dc7f elementor-widget-divider--view-line elementor-widget elementor-widget-divider\" data-id=\"549dc7f\" data-element_type=\"widget\" data-e-type=\"widget\" data-widget_type=\"divider.default\">\n\t\t\t\t<div class=\"elementor-widget-container\">\n\t\t\t\t\t\t\t<div class=\"elementor-divider\">\n\t\t\t<span class=\"elementor-divider-separator\">\n\t\t\t\t\t\t<\/span>\n\t\t<\/div>\n\t\t\t\t\t\t<\/div>\n\t\t\t\t<\/div>\n\t\t\t\t<div class=\"elementor-element elementor-element-443c2229 elementor-widget elementor-widget-image\" data-id=\"443c2229\" data-element_type=\"widget\" data-e-type=\"widget\" data-widget_type=\"image.default\">\n\t\t\t\t<div class=\"elementor-widget-container\">\n\t\t\t\t\t\t\t\t\t\t\t\t\t\t\t\t<a href=\"https:\/\/essencial-portugal.com\/es\/reserve-visitas-actividades-norte-portugal\/\" target=\"_blank\">\n\t\t\t\t\t\t\t<img fetchpriority=\"high\" decoding=\"async\" width=\"640\" height=\"360\" src=\"https:\/\/essencial-portugal.com\/es\/wp-content\/uploads\/2022\/04\/visite-nord-portugal-1.jpg\" class=\"attachment-full size-full wp-image-6229\" alt=\"Visitar porto nord portugal\" srcset=\"https:\/\/essencial-portugal.com\/es\/wp-content\/uploads\/2022\/04\/visite-nord-portugal-1.jpg 640w, https:\/\/essencial-portugal.com\/es\/wp-content\/uploads\/2022\/04\/visite-nord-portugal-1-300x169.jpg 300w\" sizes=\"(max-width: 640px) 100vw, 640px\" \/>\t\t\t\t\t\t\t\t<\/a>\n\t\t\t\t\t\t\t\t\t\t\t\t\t\t\t<\/div>\n\t\t\t\t<\/div>\n\t\t\t\t<div class=\"elementor-element elementor-element-2a8981ed elementor-widget elementor-widget-heading\" data-id=\"2a8981ed\" data-element_type=\"widget\" data-e-type=\"widget\" data-widget_type=\"heading.default\">\n\t\t\t\t<div class=\"elementor-widget-container\">\n\t\t\t\t\t<h3 class=\"elementor-heading-title elementor-size-small\"><a href=\"https:\/\/essencial-portugal.com\/es\/reserve-visitas-actividades-norte-portugal\/\" target=\"_blank\">Guided tours of northern Portugal<\/a><\/h3>\t\t\t\t<\/div>\n\t\t\t\t<\/div>\n\t\t\t\t<div class=\"elementor-element elementor-element-8ef25ea elementor-widget-divider--view-line elementor-widget elementor-widget-divider\" data-id=\"8ef25ea\" data-element_type=\"widget\" data-e-type=\"widget\" data-widget_type=\"divider.default\">\n\t\t\t\t<div class=\"elementor-widget-container\">\n\t\t\t\t\t\t\t<div class=\"elementor-divider\">\n\t\t\t<span class=\"elementor-divider-separator\">\n\t\t\t\t\t\t<\/span>\n\t\t<\/div>\n\t\t\t\t\t\t<\/div>\n\t\t\t\t<\/div>\n\t\t\t\t<div class=\"elementor-element elementor-element-31150a7 elementor-widget elementor-widget-image\" data-id=\"31150a7\" data-element_type=\"widget\" data-e-type=\"widget\" data-widget_type=\"image.default\">\n\t\t\t\t<div class=\"elementor-widget-container\">\n\t\t\t\t\t\t\t\t\t\t\t\t\t\t\t\t<a href=\"https:\/\/essencial-portugal.com\/es\/traslado-aeropuerto-oporto\/\">\n\t\t\t\t\t\t\t<img decoding=\"async\" width=\"2016\" height=\"980\" src=\"https:\/\/essencial-portugal.com\/es\/wp-content\/uploads\/2021\/03\/transfert-aeroport-surf-ericeira.jpg\" class=\"attachment-full size-full wp-image-5367\" alt=\"traslado aeropuerto surf ericeira\" srcset=\"https:\/\/essencial-portugal.com\/es\/wp-content\/uploads\/2021\/03\/transfert-aeroport-surf-ericeira.jpg 2016w, https:\/\/essencial-portugal.com\/es\/wp-content\/uploads\/2021\/03\/transfert-aeroport-surf-ericeira-300x146.jpg 300w, https:\/\/essencial-portugal.com\/es\/wp-content\/uploads\/2021\/03\/transfert-aeroport-surf-ericeira-1024x498.jpg 1024w, https:\/\/essencial-portugal.com\/es\/wp-content\/uploads\/2021\/03\/transfert-aeroport-surf-ericeira-768x373.jpg 768w, https:\/\/essencial-portugal.com\/es\/wp-content\/uploads\/2021\/03\/transfert-aeroport-surf-ericeira-1536x747.jpg 1536w\" sizes=\"(max-width: 2016px) 100vw, 2016px\" \/>\t\t\t\t\t\t\t\t<\/a>\n\t\t\t\t\t\t\t\t\t\t\t\t\t\t\t<\/div>\n\t\t\t\t<\/div>\n\t\t\t\t<div class=\"elementor-element elementor-element-3d81f639 elementor-widget elementor-widget-heading\" data-id=\"3d81f639\" data-element_type=\"widget\" data-e-type=\"widget\" data-widget_type=\"heading.default\">\n\t\t\t\t<div class=\"elementor-widget-container\">\n\t\t\t\t\t<h3 class=\"elementor-heading-title elementor-size-small\"><a href=\"https:\/\/essencial-portugal.com\/es\/traslado-aeropuerto-oporto\/\">Porto Airport Transfers<\/a><\/h3>\t\t\t\t<\/div>\n\t\t\t\t<\/div>\n\t\t\t\t<div class=\"elementor-element elementor-element-4c15701 elementor-widget-divider--view-line elementor-widget elementor-widget-divider\" data-id=\"4c15701\" data-element_type=\"widget\" data-e-type=\"widget\" data-widget_type=\"divider.default\">\n\t\t\t\t<div class=\"elementor-widget-container\">\n\t\t\t\t\t\t\t<div class=\"elementor-divider\">\n\t\t\t<span class=\"elementor-divider-separator\">\n\t\t\t\t\t\t<\/span>\n\t\t<\/div>\n\t\t\t\t\t\t<\/div>\n\t\t\t\t<\/div>\n\t\t\t\t<div class=\"elementor-element elementor-element-57c0ff26 elementor-widget elementor-widget-image\" data-id=\"57c0ff26\" data-element_type=\"widget\" data-e-type=\"widget\" data-widget_type=\"image.default\">\n\t\t\t\t<div class=\"elementor-widget-container\">\n\t\t\t\t\t\t\t\t\t\t\t\t\t\t\t\t<a href=\"https:\/\/www.villanovo.com\/villa-rentals\/europe\/portugal\/porto-and-north\/\/?acode=pRXAPbdv\" target=\"_blank\" rel=\"nofollow\">\n\t\t\t\t\t\t\t<img decoding=\"async\" width=\"1920\" height=\"1080\" src=\"https:\/\/essencial-portugal.com\/es\/wp-content\/uploads\/2021\/03\/location-villa-luxe-lisbonne-cabo.jpg\" class=\"attachment-full size-full wp-image-5368\" alt=\"alquiler de villas de lujo lisboa cabo\" srcset=\"https:\/\/essencial-portugal.com\/es\/wp-content\/uploads\/2021\/03\/location-villa-luxe-lisbonne-cabo.jpg 1920w, https:\/\/essencial-portugal.com\/es\/wp-content\/uploads\/2021\/03\/location-villa-luxe-lisbonne-cabo-300x169.jpg 300w, https:\/\/essencial-portugal.com\/es\/wp-content\/uploads\/2021\/03\/location-villa-luxe-lisbonne-cabo-1024x576.jpg 1024w, https:\/\/essencial-portugal.com\/es\/wp-content\/uploads\/2021\/03\/location-villa-luxe-lisbonne-cabo-768x432.jpg 768w, https:\/\/essencial-portugal.com\/es\/wp-content\/uploads\/2021\/03\/location-villa-luxe-lisbonne-cabo-1536x864.jpg 1536w\" sizes=\"(max-width: 1920px) 100vw, 1920px\" \/>\t\t\t\t\t\t\t\t<\/a>\n\t\t\t\t\t\t\t\t\t\t\t\t\t\t\t<\/div>\n\t\t\t\t<\/div>\n\t\t\t\t<div class=\"elementor-element elementor-element-7b6d46ea elementor-widget elementor-widget-heading\" data-id=\"7b6d46ea\" data-element_type=\"widget\" data-e-type=\"widget\" data-widget_type=\"heading.default\">\n\t\t\t\t<div class=\"elementor-widget-container\">\n\t\t\t\t\t<h3 class=\"elementor-heading-title elementor-size-small\"><a href=\"https:\/\/www.villanovo.fr\/location-villas\/europe\/portugal\/algarve\/?acode=pRXAPbdv\">Luxury Villas Portugal North<\/a><\/h3>\t\t\t\t<\/div>\n\t\t\t\t<\/div>\n\t\t\t\t<div class=\"elementor-element elementor-element-130a60d elementor-widget-divider--view-line elementor-widget elementor-widget-divider\" data-id=\"130a60d\" data-element_type=\"widget\" data-e-type=\"widget\" data-widget_type=\"divider.default\">\n\t\t\t\t<div class=\"elementor-widget-container\">\n\t\t\t\t\t\t\t<div class=\"elementor-divider\">\n\t\t\t<span class=\"elementor-divider-separator\">\n\t\t\t\t\t\t<\/span>\n\t\t<\/div>\n\t\t\t\t\t\t<\/div>\n\t\t\t\t<\/div>\n\t\t\t\t<div class=\"elementor-element elementor-element-4e21573b elementor-widget elementor-widget-image\" data-id=\"4e21573b\" data-element_type=\"widget\" data-e-type=\"widget\" data-widget_type=\"image.default\">\n\t\t\t\t<div class=\"elementor-widget-container\">\n\t\t\t\t\t\t\t\t\t\t\t\t\t\t\t\t<a href=\"https:\/\/www.booking.com\/searchresults.en.html?city=-2173088&#038;nflt=review_score%253D90%253Breview_score%253D80%253Bht_id%253D204&#038;aid=1767253&#038;no_rooms=1&#038;group_adults=2\" target=\"_blank\" rel=\"nofollow\">\n\t\t\t\t\t\t\t<img loading=\"lazy\" decoding=\"async\" width=\"1024\" height=\"683\" src=\"https:\/\/essencial-portugal.com\/es\/wp-content\/uploads\/2021\/03\/Hotel-de-charme-My-Story-Rossio-Lisbonne-chambre.jpg\" class=\"attachment-full size-full wp-image-5369\" alt=\"Encantador hotel My Story Rossio Lisboa habitaci\u00f3n\" srcset=\"https:\/\/essencial-portugal.com\/es\/wp-content\/uploads\/2021\/03\/Hotel-de-charme-My-Story-Rossio-Lisbonne-chambre.jpg 1024w, https:\/\/essencial-portugal.com\/es\/wp-content\/uploads\/2021\/03\/Hotel-de-charme-My-Story-Rossio-Lisbonne-chambre-300x200.jpg 300w, https:\/\/essencial-portugal.com\/es\/wp-content\/uploads\/2021\/03\/Hotel-de-charme-My-Story-Rossio-Lisbonne-chambre-768x512.jpg 768w\" sizes=\"(max-width: 1024px) 100vw, 1024px\" \/>\t\t\t\t\t\t\t\t<\/a>\n\t\t\t\t\t\t\t\t\t\t\t\t\t\t\t<\/div>\n\t\t\t\t<\/div>\n\t\t\t\t<div class=\"elementor-element elementor-element-80bafee elementor-widget elementor-widget-heading\" data-id=\"80bafee\" data-element_type=\"widget\" data-e-type=\"widget\" data-widget_type=\"heading.default\">\n\t\t\t\t<div class=\"elementor-widget-container\">\n\t\t\t\t\t<h3 class=\"elementor-heading-title elementor-size-small\"><a href=\"https:\/\/www.booking.com\/searchresults.fr.html?region=1064&#038;nflt=ht_id%253D204%253Breview_score%253D90%253Breview_score%253D80&#038;aid=1767253&#038;no_rooms=1&#038;group_adults=2\">Hotels in the North<\/a><\/h3>\t\t\t\t<\/div>\n\t\t\t\t<\/div>\n\t\t\t\t<div class=\"elementor-element elementor-element-9375342 elementor-widget-divider--view-line elementor-widget elementor-widget-divider\" data-id=\"9375342\" data-element_type=\"widget\" data-e-type=\"widget\" data-widget_type=\"divider.default\">\n\t\t\t\t<div class=\"elementor-widget-container\">\n\t\t\t\t\t\t\t<div class=\"elementor-divider\">\n\t\t\t<span class=\"elementor-divider-separator\">\n\t\t\t\t\t\t<\/span>\n\t\t<\/div>\n\t\t\t\t\t\t<\/div>\n\t\t\t\t<\/div>\n\t\t\t\t<div class=\"elementor-element elementor-element-6d1a3a1 elementor-widget elementor-widget-image\" data-id=\"6d1a3a1\" data-element_type=\"widget\" data-e-type=\"widget\" data-widget_type=\"image.default\">\n\t\t\t\t<div class=\"elementor-widget-container\">\n\t\t\t\t\t\t\t\t\t\t\t\t\t\t\t\t<a href=\"https:\/\/www.autoeurope.com\/car-rental-porto\/?tduid=464f4b270ef1844594a52c1f025c381c&#038;aff=MEDIANOEAFF\" target=\"_blank\" rel=\"nofollow\">\n\t\t\t\t\t\t\t<img loading=\"lazy\" decoding=\"async\" width=\"4272\" height=\"2848\" src=\"https:\/\/essencial-portugal.com\/es\/wp-content\/uploads\/2019\/04\/location-voiture-aeroport-lisbonne.jpg\" class=\"attachment-full size-full wp-image-1498\" alt=\"alquiler de coches aeropuerto de lisboa\" srcset=\"https:\/\/essencial-portugal.com\/es\/wp-content\/uploads\/2019\/04\/location-voiture-aeroport-lisbonne.jpg 4272w, https:\/\/essencial-portugal.com\/es\/wp-content\/uploads\/2019\/04\/location-voiture-aeroport-lisbonne-300x200.jpg 300w, https:\/\/essencial-portugal.com\/es\/wp-content\/uploads\/2019\/04\/location-voiture-aeroport-lisbonne-768x512.jpg 768w, https:\/\/essencial-portugal.com\/es\/wp-content\/uploads\/2019\/04\/location-voiture-aeroport-lisbonne-1024x683.jpg 1024w\" sizes=\"(max-width: 4272px) 100vw, 4272px\" \/>\t\t\t\t\t\t\t\t<\/a>\n\t\t\t\t\t\t\t\t\t\t\t\t\t\t\t<\/div>\n\t\t\t\t<\/div>\n\t\t\t\t<div class=\"elementor-element elementor-element-93096cb elementor-widget elementor-widget-heading\" data-id=\"93096cb\" data-element_type=\"widget\" data-e-type=\"widget\" data-widget_type=\"heading.default\">\n\t\t\t\t<div class=\"elementor-widget-container\">\n\t\t\t\t\t<h3 class=\"elementor-heading-title elementor-size-small\"><a href=\"https:\/\/www.autoeurope.fr\/location-voiture-faro\/?tduid=464f4b270ef1844594a52c1f025c381c&#038;aff=MEDIANOEAFF\">Car rental<\/a><\/h3>\t\t\t\t<\/div>\n\t\t\t\t<\/div>\n\t\t\t\t<div class=\"elementor-element elementor-element-82361cc elementor-widget-divider--view-line elementor-widget elementor-widget-divider\" data-id=\"82361cc\" data-element_type=\"widget\" data-e-type=\"widget\" data-widget_type=\"divider.default\">\n\t\t\t\t<div class=\"elementor-widget-container\">\n\t\t\t\t\t\t\t<div class=\"elementor-divider\">\n\t\t\t<span class=\"elementor-divider-separator\">\n\t\t\t\t\t\t<\/span>\n\t\t<\/div>\n\t\t\t\t\t\t<\/div>\n\t\t\t\t<\/div>\n\t\t\t\t\t<\/div>\n\t\t<\/div>\n\t\t\t\t\t<\/div>\n\t\t<\/section>\n\t\t\t\t<\/div>\n\t\t","protected":false},"excerpt":{"rendered":"<p>A continuaci\u00f3n encontrar\u00e1 una serie de enlaces para reservar un coche en el aeropuerto de Oporto en unos pocos clics y as\u00ed asegurarse de que est\u00e1 totalmente atendido cuando llegue al norte de Portugal. He seleccionado s\u00f3lo los traslados mejor valorados para asegurarme de que todo vaya sobre ruedas. Estos servicios de traslado pueden llevarle [&hellip;]<\/p>\n","protected":false},"author":1,"featured_media":0,"parent":0,"menu_order":0,"comment_status":"closed","ping_status":"closed","template":"","meta":{"om_disable_all_campaigns":false,"_monsterinsights_skip_tracking":false,"_monsterinsights_sitenote_active":false,"_monsterinsights_sitenote_note":"","_monsterinsights_sitenote_category":0,"_uf_show_specific_survey":0,"_uf_disable_surveys":false,"site-sidebar-layout":"no-sidebar","site-content-layout":"page-builder","ast-site-content-layout":"default","site-content-style":"default","site-sidebar-style":"default","ast-global-header-display":"","ast-banner-title-visibility":"","ast-main-header-display":"","ast-hfb-above-header-display":"","ast-hfb-below-header-display":"","ast-hfb-mobile-header-display":"","site-post-title":"disabled","ast-breadcrumbs-content":"","ast-featured-img":"disabled","footer-sml-layout":"","ast-disable-related-posts":"","theme-transparent-header-meta":"default","adv-header-id-meta":"","stick-header-meta":"","header-above-stick-meta":"","header-main-stick-meta":"","header-below-stick-meta":"","astra-migrate-meta-layouts":"default","ast-page-background-enabled":"default","ast-page-background-meta":{"desktop":{"background-color":"","background-image":"","background-repeat":"repeat","background-position":"center center","background-size":"auto","background-attachment":"scroll","background-type":"","background-media":"","overlay-type":"","overlay-color":"","overlay-opacity":"","overlay-gradient":""},"tablet":{"background-color":"","background-image":"","background-repeat":"repeat","background-position":"center center","background-size":"auto","background-attachment":"scroll","background-type":"","background-media":"","overlay-type":"","overlay-color":"","overlay-opacity":"","overlay-gradient":""},"mobile":{"background-color":"","background-image":"","background-repeat":"repeat","background-position":"center center","background-size":"auto","background-attachment":"scroll","background-type":"","background-media":"","overlay-type":"","overlay-color":"","overlay-opacity":"","overlay-gradient":""}},"ast-content-background-meta":{"desktop":{"background-color":"var(--ast-global-color-5)","background-image":"","background-repeat":"repeat","background-position":"center center","background-size":"auto","background-attachment":"scroll","background-type":"","background-media":"","overlay-type":"","overlay-color":"","overlay-opacity":"","overlay-gradient":""},"tablet":{"background-color":"var(--ast-global-color-5)","background-image":"","background-repeat":"repeat","background-position":"center center","background-size":"auto","background-attachment":"scroll","background-type":"","background-media":"","overlay-type":"","overlay-color":"","overlay-opacity":"","overlay-gradient":""},"mobile":{"background-color":"var(--ast-global-color-5)","background-image":"","background-repeat":"repeat","background-position":"center center","background-size":"auto","background-attachment":"scroll","background-type":"","background-media":"","overlay-type":"","overlay-color":"","overlay-opacity":"","overlay-gradient":""}},"footnotes":""},"class_list":["post-6275","page","type-page","status-publish","hentry"],"aioseo_notices":[],"_links":{"self":[{"href":"https:\/\/essencial-portugal.com\/es\/wp-json\/wp\/v2\/pages\/6275","targetHints":{"allow":["GET"]}}],"collection":[{"href":"https:\/\/essencial-portugal.com\/es\/wp-json\/wp\/v2\/pages"}],"about":[{"href":"https:\/\/essencial-portugal.com\/es\/wp-json\/wp\/v2\/types\/page"}],"author":[{"embeddable":true,"href":"https:\/\/essencial-portugal.com\/es\/wp-json\/wp\/v2\/users\/1"}],"replies":[{"embeddable":true,"href":"https:\/\/essencial-portugal.com\/es\/wp-json\/wp\/v2\/comments?post=6275"}],"version-history":[{"count":0,"href":"https:\/\/essencial-portugal.com\/es\/wp-json\/wp\/v2\/pages\/6275\/revisions"}],"wp:attachment":[{"href":"https:\/\/essencial-portugal.com\/es\/wp-json\/wp\/v2\/media?parent=6275"}],"curies":[{"name":"wp","href":"https:\/\/api.w.org\/{rel}","templated":true}]}}